{"id":59,"date":"2020-09-24T08:53:25","date_gmt":"2020-09-24T07:53:25","guid":{"rendered":"http:\/\/vereintk.bildungsberatung.net\/?page_id=59"},"modified":"2020-09-25T17:00:34","modified_gmt":"2020-09-25T16:00:34","slug":"unser-thueringenkolleg","status":"publish","type":"page","link":"http:\/\/vereintk.bildungsberatung.net\/?page_id=59","title":{"rendered":"Unser Th\u00fcringenkolleg"},"content":{"rendered":"\t\t<div data-elementor-type=\"wp-page\" data-elementor-id=\"59\" class=\"elementor elementor-59\">\n\t\t\t\t\t\t<section class=\"elementor-section elementor-top-section elementor-element elementor-element-60142c1 elementor-section-boxed elementor-section-height-default elementor-section-height-default\" data-id=\"60142c1\" data-element_type=\"section\" data-e-type=\"section\">\n\t\t\t\t\t\t<div class=\"elementor-container elementor-column-gap-default\">\n\t\t\t\t\t<div class=\"elementor-column elementor-col-100 elementor-top-column elementor-element elementor-element-51df415\" data-id=\"51df415\" data-element_type=\"column\" data-e-type=\"column\">\n\t\t\t<div class=\"elementor-widget-wrap elementor-element-populated\">\n\t\t\t\t\t\t<div class=\"elementor-element elementor-element-688c471 elementor-widget elementor-widget-menu-anchor\" data-id=\"688c471\" data-element_type=\"widget\" data-e-type=\"widget\" data-widget_type=\"menu-anchor.default\">\n\t\t\t\t<div class=\"elementor-widget-container\">\n\t\t\t\t\t\t\t<div class=\"elementor-menu-anchor\" id=\"Ueberschrift\"><\/div>\n\t\t\t\t\t\t<\/div>\n\t\t\t\t<\/div>\n\t\t\t\t<div class=\"elementor-element elementor-element-ba6c151 elementor-widget-divider--view-line elementor-widget elementor-widget-divider\" data-id=\"ba6c151\" data-element_type=\"widget\" data-e-type=\"widget\" data-widget_type=\"divider.default\">\n\t\t\t\t<div class=\"elementor-widget-container\">\n\t\t\t\t\t\t\t<div class=\"elementor-divider\">\n\t\t\t<span class=\"elementor-divider-separator\">\n\t\t\t\t\t\t<\/span>\n\t\t<\/div>\n\t\t\t\t\t\t<\/div>\n\t\t\t\t<\/div>\n\t\t\t\t<div class=\"elementor-element elementor-element-b76d7ab elementor-widget elementor-widget-text-editor\" data-id=\"b76d7ab\" data-element_type=\"widget\" data-e-type=\"widget\" data-widget_type=\"text-editor.default\">\n\t\t\t\t<div class=\"elementor-widget-container\">\n\t\t\t\t\t\t\t\t\t<p>Folgende Beitr\u00e4ge wurden verfasst von: <span style=\"color: #000000;\">Nicolette und Danny<\/span><\/p>\t\t\t\t\t\t\t\t<\/div>\n\t\t\t\t<\/div>\n\t\t\t\t\t<\/div>\n\t\t<\/div>\n\t\t\t\t\t<\/div>\n\t\t<\/section>\n\t\t\t\t<section class=\"elementor-section elementor-top-section elementor-element elementor-element-66205e5 elementor-section-boxed elementor-section-height-default elementor-section-height-default\" data-id=\"66205e5\" data-element_type=\"section\" data-e-type=\"section\" data-settings=\"{&quot;background_background&quot;:&quot;classic&quot;}\">\n\t\t\t\t\t\t<div class=\"elementor-container elementor-column-gap-default\">\n\t\t\t\t\t<div class=\"elementor-column elementor-col-100 elementor-top-column elementor-element elementor-element-590db5f\" data-id=\"590db5f\" data-element_type=\"column\" data-e-type=\"column\">\n\t\t\t<div class=\"elementor-widget-wrap elementor-element-populated\">\n\t\t\t\t\t\t<div class=\"elementor-element elementor-element-c0d282c elementor-widget elementor-widget-heading\" data-id=\"c0d282c\" data-element_type=\"widget\" data-e-type=\"widget\" data-widget_type=\"heading.default\">\n\t\t\t\t<div class=\"elementor-widget-container\">\n\t\t\t\t\t<h2 class=\"elementor-heading-title elementor-size-xl\">Des Kollegs Ursprung<\/h2>\t\t\t\t<\/div>\n\t\t\t\t<\/div>\n\t\t\t\t<div class=\"elementor-element elementor-element-f8b6af8 elementor-invisible elementor-widget elementor-widget-text-editor\" data-id=\"f8b6af8\" data-element_type=\"widget\" data-e-type=\"widget\" data-settings=\"{&quot;_animation&quot;:&quot;zoomIn&quot;,&quot;_animation_delay&quot;:0}\" data-widget_type=\"text-editor.default\">\n\t\t\t\t<div class=\"elementor-widget-container\">\n\t\t\t\t\t\t\t\t\t<p class=\"MsoNoSpacing\" style=\"text-align: justify;\"><span style=\"font-family: &quot;Times New Roman&quot;, serif; font-size: 12pt; color: var( --e-global-color-text ); font-weight: var( --e-global-typography-text-font-weight );\">Am 30.09.1991 wurde es in Weimar in der Schwanseestra\u00dfe mit einer Au\u00dfenstelle in Ilmenau gegr\u00fcndet. Am 07.04.1993 wurde das Ilmenau-Kolleg als eigenst\u00e4ndige staatliche Bildungseinrichtung weitergef\u00fchrt. Was viele nicht wissen: Grundlage war der Vorkurs in der Bauhaus- Universit\u00e4t Weimar. Mit dieser schloss das Kolleg auch einen Kooperationsvertrag, so durften die Kollegiaten und Lehrer einige R\u00e4umlichkeiten mitbenutzen. Das allererste Schuljahr startete nicht mit dem Lehrerstamm so wie wir ihn heute kennen. Zu Beginn gab es nur einen Jahrgang und dieser wurde von einer Reihe abgeordneter Lehrer unterrichtet. Dies \u00e4nderte sich im Jahre 1992 schlagartig, denn im zweiten Jahrgang gab es schon vier Klassen und diese ben\u00f6tigten mehr Platz. Also sah man sich nach neuen R\u00e4umlichkeiten um. Gefunden wurden diese im \u201eInstitut f\u00fcr Lehrerbildung\u201c, dort wurde bereits die Tradition des Internats gewahrt.<\/span><\/p>\t\t\t\t\t\t\t\t<\/div>\n\t\t\t\t<\/div>\n\t\t\t\t<div class=\"elementor-element elementor-element-41e29ad elementor-widget elementor-widget-text-editor\" data-id=\"41e29ad\" data-element_type=\"widget\" data-e-type=\"widget\" data-widget_type=\"text-editor.default\">\n\t\t\t\t<div class=\"elementor-widget-container\">\n\t\t\t\t\t\t\t\t\t<p><span style=\"font-family: 'Times New Roman', serif; font-size: 12pt; text-align: justify; color: var( --e-global-color-text ); font-weight: var( --e-global-typography-text-font-weight );\">Jedoch hielt auch dieser Aufenthalt nicht lange an, denn das Geb\u00e4ude musste saniert werden und das Kolleg war gezwungen, erneut einen neuen Standort zu finden. Nun beginnt eine der spannendsten und emotionalsten Reise des Kollegs. Im Gespr\u00e4ch waren unter anderem Gera und Apolda \u2013 letzteres wurde es dann. Doch dies lief nicht so reibungslos ab, wie es der eine oder andere gerne gehabt h\u00e4tte. Die Kollegiaten initiierten Streiks und versuchten den Umzug nach Apolda zu verhindern. Sie wollten in ihrem sch\u00f6nen Weimar bleiben und dort weiterhin unterrichtet werden. So zum Beispiel trugen sie Bank und Stuhl vor das Kultusministerium in Erfurt und setzten nicht nur den Ausdruck ihres Unmuts \u00fcber den Umzug fort, sondern auch ihren Unterricht. Auch eine eigens verfasste Auff\u00fchrung mit dem Namen \u201eDes Kollegs neue Kleider\u201c fand ihren Platz.<\/span><\/p><p class=\"MsoNoSpacing\" style=\"text-align: justify;\">\u00a0<\/p>\t\t\t\t\t\t\t\t<\/div>\n\t\t\t\t<\/div>\n\t\t\t\t<div class=\"elementor-element elementor-element-c721b63 elementor-widget elementor-widget-text-editor\" data-id=\"c721b63\" data-element_type=\"widget\" data-e-type=\"widget\" data-widget_type=\"text-editor.default\">\n\t\t\t\t<div class=\"elementor-widget-container\">\n\t\t\t\t\t\t\t\t\t<p class=\"MsoNoSpacing\" style=\"text-align: justify;\"><span style=\"font-size: 12.0pt; font-family: 'Times New Roman',serif;\">Doch allen Versuchen und Streiks zum Trotz, packte das Kolleg am 13.09.1993 seine sieben Sachen und zog nach Apolda. Dort teilte es sich ein Geb\u00e4ude mit der \u201eFachschule f\u00fcr Technik\u201c in der Lessingstra\u00dfe. Drei Jahre sollte Apolda nun das neue Zuhause von Sch\u00fclern und Lehrern sein. Drei Jahre, in denen so manche Idee zur Tradition heranreifte. Wie zum Beispiel unsere allseits bekannten Projektwochen. Doch eben genannte waren zu dieser Zeit mehr aus der Not geboren. Denn ein geregelter Stundenplan lie\u00df auf sich warten und so organisierten Lehrer Projektwochen um dem Bildungsauftrag gerecht zu werden. Auch eine andere bekannte Festlichkeit fand dort ihren Ursprung. Das Kinderfest -1995 geschaffen um der zu dieser Zeit vorherrschenden hohen Arbeitslosigkeit und Armutsrate entgegen zu wirken. Im selben Jahr gr\u00fcndete, der in Apolda 1994 hinzugekommene Lehrer und sp\u00e4ter stellvertretende Schulleiter Herr Wagner, den F\u00f6rderverein. Herr Wagner ist auch heute noch Vereinsvorsitzender, mit Frau Spitzer als Stellvertretung. Ebenfalls ging auch die Homepage des Kollegs, gestaltet durch den Herrn Wagner, im Jahr 1995 erstmalig online.<\/span><\/p>\t\t\t\t\t\t\t\t<\/div>\n\t\t\t\t<\/div>\n\t\t\t\t<div class=\"elementor-element elementor-element-0a52991 elementor-widget elementor-widget-text-editor\" data-id=\"0a52991\" data-element_type=\"widget\" data-e-type=\"widget\" data-widget_type=\"text-editor.default\">\n\t\t\t\t<div class=\"elementor-widget-container\">\n\t\t\t\t\t\t\t\t\t<p class=\"MsoNoSpacing\" style=\"text-align: justify;\"><span style=\"font-size: 12.0pt; font-family: 'Times New Roman',serif;\">Wir befinden und jetzt im Jahr 1996 und eine neue Ver\u00e4nderung bahnte sich ihren Weg. <\/span><\/p>\n<p class=\"MsoNoSpacing\" style=\"text-align: justify;\"><span style=\"font-size: 12.0pt; font-family: 'Times New Roman',serif;\">Das Kolleg soll nun endlich wieder zur\u00fcck nach Weimar kehren. Zun\u00e4chst in den Steinbr\u00fcckenweg. Zur\u00fcck in der Heimat fand der Unterricht in gut ausgerichteten Containern statt. \u201eContainerdorf\u201c wird es auch gern genannt.<\/span><\/p>\n<p class=\"MsoNoSpacing\" style=\"text-align: justify;\"><span style=\"font-size: 12.0pt; font-family: 'Times New Roman',serif;\">Und dann im Jahre 1999 konnte das Th\u00fcringenkolleg wieder zur\u00fcck zu seinem alten Standort in der Schwanseestra\u00dfe 11.<\/span><\/p>\n<p><\/p>\n<p class=\"MsoNoSpacing\" style=\"text-align: justify;\"><span style=\"font-size: 12.0pt; font-family: 'Times New Roman',serif;\">Im selben Jahre wurde auch die von Kollegiaten ins Leben gerufene und noch heute geleitete Cafeteria \u201eCafete\u201c gegr\u00fcndet. Bis heute hat diese einen festen Platz und wird zahlreich von Sch\u00fclern und Lehrern genutzt.<\/span><\/p>\t\t\t\t\t\t\t\t<\/div>\n\t\t\t\t<\/div>\n\t\t\t\t\t<\/div>\n\t\t<\/div>\n\t\t\t\t\t<\/div>\n\t\t<\/section>\n\t\t\t\t<section class=\"elementor-section elementor-top-section elementor-element elementor-element-af5bb88 elementor-section-boxed elementor-section-height-default elementor-section-height-default\" data-id=\"af5bb88\" data-element_type=\"section\" data-e-type=\"section\">\n\t\t\t\t\t\t<div class=\"elementor-container elementor-column-gap-default\">\n\t\t\t\t\t<div class=\"elementor-column elementor-col-100 elementor-top-column elementor-element elementor-element-f6b8ad7\" data-id=\"f6b8ad7\" data-element_type=\"column\" data-e-type=\"column\">\n\t\t\t<div class=\"elementor-widget-wrap elementor-element-populated\">\n\t\t\t\t\t\t<div class=\"elementor-element elementor-element-9b0a998 elementor-widget-divider--view-line elementor-widget elementor-widget-divider\" data-id=\"9b0a998\" data-element_type=\"widget\" data-e-type=\"widget\" data-widget_type=\"divider.default\">\n\t\t\t\t<div class=\"elementor-widget-container\">\n\t\t\t\t\t\t\t<div class=\"elementor-divider\">\n\t\t\t<span class=\"elementor-divider-separator\">\n\t\t\t\t\t\t<\/span>\n\t\t<\/div>\n\t\t\t\t\t\t<\/div>\n\t\t\t\t<\/div>\n\t\t\t\t\t<\/div>\n\t\t<\/div>\n\t\t\t\t\t<\/div>\n\t\t<\/section>\n\t\t\t\t<section class=\"elementor-section elementor-top-section elementor-element elementor-element-3fe55c64 elementor-section-boxed elementor-section-height-default elementor-section-height-default\" data-id=\"3fe55c64\" data-element_type=\"section\" data-e-type=\"section\" data-settings=\"{&quot;background_background&quot;:&quot;classic&quot;}\">\n\t\t\t\t\t\t<div class=\"elementor-container elementor-column-gap-default\">\n\t\t\t\t\t<div class=\"elementor-column elementor-col-100 elementor-top-column elementor-element elementor-element-5deb9f2a\" data-id=\"5deb9f2a\" data-element_type=\"column\" data-e-type=\"column\">\n\t\t\t<div class=\"elementor-widget-wrap elementor-element-populated\">\n\t\t\t\t\t\t<div class=\"elementor-element elementor-element-72840e1c elementor-widget elementor-widget-heading\" data-id=\"72840e1c\" data-element_type=\"widget\" data-e-type=\"widget\" data-widget_type=\"heading.default\">\n\t\t\t\t<div class=\"elementor-widget-container\">\n\t\t\t\t\t<h2 class=\"elementor-heading-title elementor-size-xl\">Festlichkeiten und Projekte<\/h2>\t\t\t\t<\/div>\n\t\t\t\t<\/div>\n\t\t\t\t<div class=\"elementor-element elementor-element-ca5e9c0 elementor-widget elementor-widget-heading\" data-id=\"ca5e9c0\" data-element_type=\"widget\" data-e-type=\"widget\" data-widget_type=\"heading.default\">\n\t\t\t\t<div class=\"elementor-widget-container\">\n\t\t\t\t\t<h2 class=\"elementor-heading-title elementor-size-default\">Projektwoche: &gt;&gt;20er-Jahre&lt;&lt;<\/h2>\t\t\t\t<\/div>\n\t\t\t\t<\/div>\n\t\t\t\t<div class=\"elementor-element elementor-element-1748eaf0 elementor-invisible elementor-widget elementor-widget-text-editor\" data-id=\"1748eaf0\" data-element_type=\"widget\" data-e-type=\"widget\" data-settings=\"{&quot;_animation&quot;:&quot;zoomIn&quot;,&quot;_animation_delay&quot;:0}\" data-widget_type=\"text-editor.default\">\n\t\t\t\t<div class=\"elementor-widget-container\">\n\t\t\t\t\t\t\t\t\t<p class=\"MsoNoSpacing\" style=\"text-align: justify;\"><span style=\"font-size: 12.0pt; font-family: 'Times New Roman',serif;\"><font color=black> 1.-5.09.1997 <\/font>\n<!--[endif]--><\/span><\/p>\n<p class=\"MsoNoSpacing\" style=\"text-align: justify;\"><span style=\"font-size: 12.0pt; font-family: 'Times New Roman',serif;\">Ein besonderes Ereignis in der Geschichte des Th\u00fcringenkollegs war die Projektwoche, die unter der \u00dcberschrift \u201e20er Jahre\u201c stand, zu Beginn des Schuljahres in Saaldorf. Entstanden ist diese in der Zusammenarbeit mit der VHS Weimar.<\/span><\/p>\n<p class=\"MsoNoSpacing\" style=\"text-align: justify;\"><span style=\"font-family: 'Times New Roman', serif; font-size: 12pt; color: var( --e-global-color-text ); font-weight: var( --e-global-typography-text-font-weight );\">Insgesamt gab es 8 verschieden Projekte in die sich die Kollegiaten einschreiben konnten. Unter anderem z\u00e4hlten das Erarbeiten eines Theaterst\u00fccks und das Entwerfen eines dazugeh\u00f6rigen B\u00fchnenbildes dazu. Zum Abschluss gab noch eine Pr\u00e4sentation, in der die Projektwoche ihren H\u00f6hepunkt fand. Zu den G\u00e4sten geh\u00f6rten ebenfalls die Kollegiaten des Ilmenauer Kollegs.<\/span><\/p>\t\t\t\t\t\t\t\t<\/div>\n\t\t\t\t<\/div>\n\t\t\t\t<div class=\"elementor-element elementor-element-57375e9 elementor-widget elementor-widget-heading\" data-id=\"57375e9\" data-element_type=\"widget\" data-e-type=\"widget\" data-widget_type=\"heading.default\">\n\t\t\t\t<div class=\"elementor-widget-container\">\n\t\t\t\t\t<h2 class=\"elementor-heading-title elementor-size-default\">Studienreise und Partnerschaftsprojekte mit der Interstaatlichen Maturit\u00e4tsschule f\u00fcr Erwachsene (ISME)<\/h2>\t\t\t\t<\/div>\n\t\t\t\t<\/div>\n\t\t\t\t<div class=\"elementor-element elementor-element-1fceaa33 elementor-widget elementor-widget-text-editor\" data-id=\"1fceaa33\" data-element_type=\"widget\" data-e-type=\"widget\" data-widget_type=\"text-editor.default\">\n\t\t\t\t<div class=\"elementor-widget-container\">\n\t\t\t\t\t\t\t\t\t<p style=\"text-align: justify;\"><span style=\"font-size: 12.0pt; font-family: 'Times New Roman',serif;\"><font color =black>Partnerschaft besteht seit 1995.<\/font><\/span><\/p>\n<p style=\"text-align: justify;\"><span style=\"font-size: 12.0pt; font-family: 'Times New Roman',serif;\">Im Jahr 1998 vertiefte das Th\u00fcringenkolleg, das seit 3 Jahren bestehende Partnerschaftsprojekt mit der ISME aus St. Gallen, in Form einer Studienreise. Dort konnten verschiedene Workshops besucht und Sehensw\u00fcrdigkeiten besichtigt werden. Die Lehrer hatten die M\u00f6glichkeit an Weiterbildungen teilzunehmen und mit den Sch\u00fclern gemeinsam zu hospitieren.<\/span><\/p>\n<p style=\"text-align: justify;\"><span style=\"font-family: 'Times New Roman', serif; font-size: 12pt; color: var( --e-global-color-text ); font-weight: var( --e-global-typography-text-font-weight );\">Ein herausragendes Ereignis, das aus der Studienreise hervorging, war das zusammen mit den Sch\u00fclern der Kantonschule geschaffene und aufgef\u00fchrte Theaterst\u00fcck \u201eWilhelm Tell\u201c von William Shakespeare.<\/span><\/p>\n<p style=\"text-align: justify;\"><span style=\"font-family: 'Times New Roman', serif; font-size: 12pt; color: var( --e-global-color-text ); font-weight: var( --e-global-typography-text-font-weight );\">Dann im Jahre 1999, im zehnten Monat des Jahres, kamen die erwachsenen Sch\u00fcler der Maturit\u00e4tsschule nach Weimar. Gemeinsam besichtigten sie die Stadt, stellten das Th\u00fcringenkolleg und seine Besonderheiten vor, lauschten Vortr\u00e4gen, f\u00fchrten Theaterabende durch und Unternahmen Exkursionen.<\/span><\/p>\n<p style=\"text-align: justify;\"><\/p>\t\t\t\t\t\t\t\t<\/div>\n\t\t\t\t<\/div>\n\t\t\t\t<div class=\"elementor-element elementor-element-20eb046 elementor-widget elementor-widget-heading\" data-id=\"20eb046\" data-element_type=\"widget\" data-e-type=\"widget\" data-widget_type=\"heading.default\">\n\t\t\t\t<div class=\"elementor-widget-container\">\n\t\t\t\t\t<h2 class=\"elementor-heading-title elementor-size-default\">Bakenberg<\/h2>\t\t\t\t<\/div>\n\t\t\t\t<\/div>\n\t\t\t\t<div class=\"elementor-element elementor-element-4ac54038 elementor-widget elementor-widget-text-editor\" data-id=\"4ac54038\" data-element_type=\"widget\" data-e-type=\"widget\" data-widget_type=\"text-editor.default\">\n\t\t\t\t<div class=\"elementor-widget-container\">\n\t\t\t\t\t\t\t\t\t<p class=\"MsoNoSpacing\" style=\"text-align: justify;\"><span style=\"font-size: 12.0pt; font-family: 'Times New Roman',serif;\">Auch der Bakenberg ist aus dem Kollegleben nicht mehr herauszudenken. Erstmalig fand diese Unternehmung 1997 statt und hat sich bis heute etabliert. Fr\u00fcher in der Himmelfahrtswoche, findet sie heute in der letzten Schulwoche statt. Gemeinsam f\u00fcllen Sch\u00fcler und Lehrer geb\u00fcndelte Wandertage mit Exkursionen, Wanderungen, Besichtigungen und regen Austausch.<\/span><\/p>\t\t\t\t\t\t\t\t<\/div>\n\t\t\t\t<\/div>\n\t\t\t\t<div class=\"elementor-element elementor-element-1ddf91e elementor-widget elementor-widget-heading\" data-id=\"1ddf91e\" data-element_type=\"widget\" data-e-type=\"widget\" data-widget_type=\"heading.default\">\n\t\t\t\t<div class=\"elementor-widget-container\">\n\t\t\t\t\t<h2 class=\"elementor-heading-title elementor-size-default\">Ausstellung im Kultusministerium<\/h2>\t\t\t\t<\/div>\n\t\t\t\t<\/div>\n\t\t\t\t<div class=\"elementor-element elementor-element-31db6b8 elementor-widget elementor-widget-text-editor\" data-id=\"31db6b8\" data-element_type=\"widget\" data-e-type=\"widget\" data-widget_type=\"text-editor.default\">\n\t\t\t\t<div class=\"elementor-widget-container\">\n\t\t\t\t\t\t\t\t\t<p class=\"MsoNoSpacing\" style=\"text-align: justify;\"><span style=\"font-size: 12.0pt; font-family: 'Times New Roman',serif;\">Am 7.M\u00e4rz 1997 konnte sich das Th\u00fcringenkolleg im Erfurter Kultusministerium k\u00fcnstlerisch in Form einer Ausstellung vorstellen. Gezeigt wurden Arbeiten aus dem Kunstunterricht. Diese beinhalteten Radierungen, Fotografien, Linolschnitte und einiges mehr.\u00a0<\/span><\/p>\t\t\t\t\t\t\t\t<\/div>\n\t\t\t\t<\/div>\n\t\t\t\t<div class=\"elementor-element elementor-element-05870fd elementor-widget elementor-widget-heading\" data-id=\"05870fd\" data-element_type=\"widget\" data-e-type=\"widget\" data-widget_type=\"heading.default\">\n\t\t\t\t<div class=\"elementor-widget-container\">\n\t\t\t\t\t<h2 class=\"elementor-heading-title elementor-size-default\">Die Tradition des Sportfests \"Parakollegiatics\"<\/h2>\t\t\t\t<\/div>\n\t\t\t\t<\/div>\n\t\t\t\t<div class=\"elementor-element elementor-element-4e43a1c elementor-widget elementor-widget-text-editor\" data-id=\"4e43a1c\" data-element_type=\"widget\" data-e-type=\"widget\" data-widget_type=\"text-editor.default\">\n\t\t\t\t<div class=\"elementor-widget-container\">\n\t\t\t\t\t\t\t\t\t<p class=\"MsoNoSpacing\" style=\"text-align: justify;\"><span style=\"font-size: 12.0pt; font-family: 'Times New Roman',serif;\">Das bis-heute-bestehende Sportfest fand seinen Ursprung in Apolda (1996).<\/span><\/p><p>\u00a0<\/p><p class=\"MsoNoSpacing\" style=\"text-align: justify;\"><span style=\"font-size: 12.0pt; font-family: 'Times New Roman',serif;\">Jedes Jahr aufs Neue gestaltet das Kolleg neue Aufgaben und Herausforderungen f\u00fcr die Sch\u00fcler. Stationen wie \u201eKopflauf\u201c, \u201eMatschhochsprung\u201c oder \u201eKirschkernweitspucken\u201c mussten absolviert werden. Neben der k\u00f6rperlichen Beanspruchung, fanden auch Freude und Spa\u00df ihren Platz.\u00a0<\/span><\/p>\t\t\t\t\t\t\t\t<\/div>\n\t\t\t\t<\/div>\n\t\t\t\t\t<\/div>\n\t\t<\/div>\n\t\t\t\t\t<\/div>\n\t\t<\/section>\n\t\t\t\t<section class=\"elementor-section elementor-top-section elementor-element elementor-element-5b90da0 elementor-section-boxed elementor-section-height-default elementor-section-height-default\" data-id=\"5b90da0\" data-element_type=\"section\" data-e-type=\"section\">\n\t\t\t\t\t\t<div class=\"elementor-container elementor-column-gap-default\">\n\t\t\t\t\t<div class=\"elementor-column elementor-col-50 elementor-top-column elementor-element elementor-element-e81ccde\" data-id=\"e81ccde\" data-element_type=\"column\" data-e-type=\"column\">\n\t\t\t<div class=\"elementor-widget-wrap elementor-element-populated\">\n\t\t\t\t\t\t<div class=\"elementor-element elementor-element-de54965 elementor-align-center elementor-widget elementor-widget-button\" data-id=\"de54965\" data-element_type=\"widget\" data-e-type=\"widget\" data-widget_type=\"button.default\">\n\t\t\t\t<div class=\"elementor-widget-container\">\n\t\t\t\t\t\t\t\t\t<div class=\"elementor-button-wrapper\">\n\t\t\t\t\t<a class=\"elementor-button elementor-button-link elementor-size-sm\" href=\"#Ueberschrift\">\n\t\t\t\t\t\t<span class=\"elementor-button-content-wrapper\">\n\t\t\t\t\t\t\t\t\t<span class=\"elementor-button-text\">Zur\u00fcck<\/span>\n\t\t\t\t\t<\/span>\n\t\t\t\t\t<\/a>\n\t\t\t\t<\/div>\n\t\t\t\t\t\t\t\t<\/div>\n\t\t\t\t<\/div>\n\t\t\t\t\t<\/div>\n\t\t<\/div>\n\t\t\t\t<div class=\"elementor-column elementor-col-50 elementor-top-column elementor-element elementor-element-1f7bf35\" data-id=\"1f7bf35\" data-element_type=\"column\" data-e-type=\"column\">\n\t\t\t<div class=\"elementor-widget-wrap elementor-element-populated\">\n\t\t\t\t\t\t<div class=\"elementor-element elementor-element-08fc139 elementor-align-center elementor-widget elementor-widget-button\" data-id=\"08fc139\" data-element_type=\"widget\" data-e-type=\"widget\" data-widget_type=\"button.default\">\n\t\t\t\t<div class=\"elementor-widget-container\">\n\t\t\t\t\t\t\t\t\t<div class=\"elementor-button-wrapper\">\n\t\t\t\t\t<a class=\"elementor-button elementor-button-link elementor-size-sm\" href=\"http:\/\/vereintk.bildungsberatung.net\/?cat=5\">\n\t\t\t\t\t\t<span class=\"elementor-button-content-wrapper\">\n\t\t\t\t\t\t\t\t\t<span class=\"elementor-button-text\">Bildergalerie<\/span>\n\t\t\t\t\t<\/span>\n\t\t\t\t\t<\/a>\n\t\t\t\t<\/div>\n\t\t\t\t\t\t\t\t<\/div>\n\t\t\t\t<\/div>\n\t\t\t\t\t<\/div>\n\t\t<\/div>\n\t\t\t\t\t<\/div>\n\t\t<\/section>\n\t\t\t\t<\/div>\n\t\t","protected":false},"excerpt":{"rendered":"<p>Folgende Beitr\u00e4ge wurden verfasst von: Nicolette und Danny Des Kollegs Ursprung Am 30.09.1991 wurde es in Weimar in der Schwanseestra\u00dfe mit einer Au\u00dfenstelle in Ilmenau gegr\u00fcndet. Am 07.04.1993 wurde das Ilmenau-Kolleg als eigenst\u00e4ndige staatliche Bildungseinrichtung weitergef\u00fchrt. Was viele nicht wissen: Grundlage war der Vorkurs in der Bauhaus- Universit\u00e4t Weimar. Mit dieser schloss das Kolleg auch &hellip; <\/p>\n<p class=\"link-more\"><a href=\"http:\/\/vereintk.bildungsberatung.net\/?page_id=59\" class=\"more-link\"><span class=\"screen-reader-text\">\u201eUnser Th\u00fcringenkolleg\u201c <\/span>weiterlesen<\/a><\/p>\n","protected":false},"author":4,"featured_media":0,"parent":0,"menu_order":0,"comment_status":"closed","ping_status":"closed","template":"","meta":{"footnotes":""},"class_list":["post-59","page","type-page","status-publish","hentry"],"_links":{"self":[{"href":"http:\/\/vereintk.bildungsberatung.net\/index.php?rest_route=\/wp\/v2\/pages\/59","targetHints":{"allow":["GET"]}}],"collection":[{"href":"http:\/\/vereintk.bildungsberatung.net\/index.php?rest_route=\/wp\/v2\/pages"}],"about":[{"href":"http:\/\/vereintk.bildungsberatung.net\/index.php?rest_route=\/wp\/v2\/types\/page"}],"author":[{"embeddable":true,"href":"http:\/\/vereintk.bildungsberatung.net\/index.php?rest_route=\/wp\/v2\/users\/4"}],"replies":[{"embeddable":true,"href":"http:\/\/vereintk.bildungsberatung.net\/index.php?rest_route=%2Fwp%2Fv2%2Fcomments&post=59"}],"version-history":[{"count":34,"href":"http:\/\/vereintk.bildungsberatung.net\/index.php?rest_route=\/wp\/v2\/pages\/59\/revisions"}],"predecessor-version":[{"id":187,"href":"http:\/\/vereintk.bildungsberatung.net\/index.php?rest_route=\/wp\/v2\/pages\/59\/revisions\/187"}],"wp:attachment":[{"href":"http:\/\/vereintk.bildungsberatung.net\/index.php?rest_route=%2Fwp%2Fv2%2Fmedia&parent=59"}],"curies":[{"name":"wp","href":"https:\/\/api.w.org\/{rel}","templated":true}]}}